{"id":51,"date":"2016-10-26T17:59:07","date_gmt":"2016-10-26T15:59:07","guid":{"rendered":"http:\/\/www.ergoteam-demenz.at\/?page_id=51"},"modified":"2025-11-13T17:16:10","modified_gmt":"2025-11-13T16:16:10","slug":"was-ist-ergotherapie","status":"publish","type":"page","link":"https:\/\/www.ergoteam-demenz.at\/?page_id=51","title":{"rendered":"Was ist Ergotherapie"},"content":{"rendered":"<p style=\"text-align: justify;\"><strong>Ergotherapie besch\u00e4ftigt sich mit bedeutungsvollen Bet\u00e4tigungen des t\u00e4glichen Lebens.<\/strong><\/p>\n<p>Damit gemeint ist all das, was wir alle den ganzen Tag tun &#8211; tun <em>wollen<\/em>, tun <em>m\u00fcssen<\/em> oder was von uns erwartet wird. Es geht um Bet\u00e4tigungen aus allen Lebensbereichen, die f\u00fcr uns wichtig sind, unseren Alltag ausmachen und unserem Leben Sinn verleihen. Der Zusammenhang von bedeutungsvollen Bet\u00e4tigungen, Gesundheit und Wohlbefinden steht im Mittelpunkt der Ergotherapie.<\/p>\n<p><strong>Grundgedanke der Ergotherapie<\/strong><\/p>\n<ol>\n<li>Bet\u00e4tigungen sind ein menschliches Grundbed\u00fcrfnis<\/li>\n<li>Bet\u00e4tigungen tragen zu Gesundheit und Lebensqualit\u00e4t bei<\/li>\n<li>Wenn Bet\u00e4tigungsprobleme bestehen, sind Gesundheit und Lebensqualit\u00e4t beeintr\u00e4chtigt.<\/li>\n<\/ol>\n<p>&nbsp;<\/p>\n<p>&nbsp;<\/p>\n","protected":false},"excerpt":{"rendered":"<p>Ergotherapie besch\u00e4ftigt sich mit bedeutungsvollen Bet\u00e4tigungen des t\u00e4glichen Lebens. Damit gemeint ist all das, was wir alle den ganzen Tag tun &#8211; tun wollen, tun m\u00fcssen oder was von uns erwartet wird. Es geht um Bet\u00e4tigungen aus allen Lebensbereichen, die f\u00fcr uns wichtig sind, unseren Alltag ausmachen und unserem Leben Sinn verleihen. Der Zusammenhang von<\/p>\n","protected":false},"author":1,"featured_media":216,"parent":2,"menu_order":2,"comment_status":"closed","ping_status":"closed","template":"","meta":{"footnotes":""},"class_list":["post-51","page","type-page","status-publish","has-post-thumbnail","hentry"],"_links":{"self":[{"href":"https:\/\/www.ergoteam-demenz.at\/index.php?rest_route=\/wp\/v2\/pages\/51","targetHints":{"allow":["GET"]}}],"collection":[{"href":"https:\/\/www.ergoteam-demenz.at\/index.php?rest_route=\/wp\/v2\/pages"}],"about":[{"href":"https:\/\/www.ergoteam-demenz.at\/index.php?rest_route=\/wp\/v2\/types\/page"}],"author":[{"embeddable":true,"href":"https:\/\/www.ergoteam-demenz.at\/index.php?rest_route=\/wp\/v2\/users\/1"}],"replies":[{"embeddable":true,"href":"https:\/\/www.ergoteam-demenz.at\/index.php?rest_route=%2Fwp%2Fv2%2Fcomments&post=51"}],"version-history":[{"count":12,"href":"https:\/\/www.ergoteam-demenz.at\/index.php?rest_route=\/wp\/v2\/pages\/51\/revisions"}],"predecessor-version":[{"id":616,"href":"https:\/\/www.ergoteam-demenz.at\/index.php?rest_route=\/wp\/v2\/pages\/51\/revisions\/616"}],"up":[{"embeddable":true,"href":"https:\/\/www.ergoteam-demenz.at\/index.php?rest_route=\/wp\/v2\/pages\/2"}],"wp:featuredmedia":[{"embeddable":true,"href":"https:\/\/www.ergoteam-demenz.at\/index.php?rest_route=\/wp\/v2\/media\/216"}],"wp:attachment":[{"href":"https:\/\/www.ergoteam-demenz.at\/index.php?rest_route=%2Fwp%2Fv2%2Fmedia&parent=51"}],"curies":[{"name":"wp","href":"https:\/\/api.w.org\/{rel}","templated":true}]}}